{"id":19920,"date":"2026-09-02T16:56:41","date_gmt":"2026-09-02T14:56:41","guid":{"rendered":"https:\/\/www.fid-sa.ch\/immobilien\/1793334de-orselina-wohnung-mit-panoramasicht-und-privatem-garten\/"},"modified":"2026-09-02T17:46:57","modified_gmt":"2026-09-02T15:46:57","slug":"1793334de-orselina-wohnung-mit-panoramasicht-und-privatem-garten","status":"publish","type":"casawp_property","link":"https:\/\/www.fid-sa.ch\/de\/immobilien\/1793334de-orselina-wohnung-mit-panoramasicht-und-privatem-garten\/","title":{"rendered":"ORSELINA &#8211; Wohnung mit Panoramasicht und privatem Garten"},"content":{"rendered":"<p>Das urspr\u00fcngliche Tessinerhaus aus dem Jahr 1940 wurde im Jahr 2003 umfassend umgebaut und in ein charmantes Mehrfamilienhaus mit insgesamt vier Wohneinheiten verwandelt.<\/p>\n<p>Eine malerische Aussentreppe f\u00fchrt zur Liegenschaft. Die Wohnung wird \u00fcber eine grossz\u00fcgige, teilweise \u00fcberdachte Terrasse betreten, die auch bei weniger sch\u00f6nem Wetter als gesch\u00fctzter Aussenbereich genutzt werden kann.<\/p>\n<p>Die Wohnung verf\u00fcgt \u00fcber einen gem\u00fctlichen Wohnraum, ein Schlafzimmer sowie ein weiteres Zimmer, das sich ideal als Arbeitszimmer oder B\u00fcro eignet. Erg\u00e4nzt wird das Raumangebot durch ein Badezimmer mit Dusche und Waschmaschine sowie eine K\u00fcche mit einem sch\u00f6nen Ausblick in den Garten.<\/p>\n<p>Ein ganz besonderes Highlight ist die verglaste Veranda, die sowohl vom Wohnraum als auch vom Schlafzimmer aus zug\u00e4nglich ist. Hier er\u00f6ffnet sich ein unvergleichlicher Panoramablick auf den See und die umliegende Landschaft &#8211; mehr Weitsicht ist kaum vorstellbar. Die grossz\u00fcgige Verglasung l\u00e4sst viel Licht in die Wohnung und schafft eine einzigartige Verbindung zur Natur.<\/p>\n<p>Zus\u00e4tzlich befindet sich auf beiden Seiten der Veranda je ein kleiner Balkon. So l\u00e4sst sich je nach Tageszeit sowohl die Morgen- als auch die Abendsonne geniessen.<\/p>\n<p>Vom dritten Zimmer gelangt man direkt in den der Wohnung zugeteilten Garten. Ein eigener Ger\u00e4te- bzw. Kellerraum bietet zus\u00e4tzlichen praktischen Stauraum.<\/p>\n<p>Die Wohnung besticht durch ihren besonderen Charakter und ihr aussergew\u00f6hnliches Flair. Sie ist ideal f\u00fcr Menschen, die Privatsph\u00e4re, Licht, Sonne, Natur und vor allem einen atemberaubenden Weitblick sch\u00e4tzen und ein Zuhause mit besonderer Atmosph\u00e4re suchen.<\/p>\n<p>Eine Garagenbox kann zur Wohnung zus\u00e4tzlich gemietet werden.<\/p>\n<p>Eine ganz besondere Wohnung &#8211; mit viel Charme, viel Licht und einem Ausblick, den man nicht mehr vergisst.<\/p>\n<p>Nur als Erstwohnsitz verf\u00fcgbar.<\/p>\n","protected":false},"excerpt":{"rendered":"<p>Erstwohnsitz<\/p>\n","protected":false},"author":0,"featured_media":19923,"parent":0,"menu_order":5,"comment_status":"closed","ping_status":"closed","template":"","meta":{"_acf_changed":false,"inline_featured_image":false,"footnotes":""},"casawp_category":[202,238],"casawp_feature":[213,188,210,189,203,192,191,221],"casawp_utility":[193],"casawp_location":[196,228,197],"casawp_salestype":[214],"casawp_availability":[195],"casawp_region":[],"class_list":["post-19920","casawp_property","type-casawp_property","status-publish","has-post-thumbnail","hentry","casawp_category-apartment","casawp_category-garden-apartment","casawp_feature-has-lake-view","casawp_feature-has-mountain-view","casawp_feature-is-animal-friendly","casawp_feature-is-child-friendly","casawp_feature-is-only-allowed-as-primary-residency","casawp_feature-is-quiet","casawp_feature-is-sunny","casawp_feature-on-a-slope","casawp_utility-residential","casawp_location-country_ch","casawp_location-locality_orselina","casawp_location-region_ti","casawp_salestype-buy","casawp_availability-active"],"acf":[],"yoast_head":"<!-- This site is optimized with the Yoast SEO plugin v28.4 - https:\/\/yoast.com\/product\/yoast-seo-wordpress\/ -->\n<title>ORSELINA - Wohnung mit Panoramasicht und privatem Garten - Fid SA Societa\u0300 Immobiliare-Fiduciaria<\/title>\n<meta name=\"robots\" content=\"index, follow, max-snippet:-1, max-image-preview:large, max-video-preview:-1\" \/>\n<link rel=\"canonical\" href=\"https:\/\/www.fid-sa.ch\/de\/immobilien\/1793334de-orselina-wohnung-mit-panoramasicht-und-privatem-garten\/\" \/>\n<meta property=\"og:locale\" content=\"de_DE\" \/>\n<meta property=\"og:type\" content=\"article\" \/>\n<meta property=\"og:title\" content=\"ORSELINA - Wohnung mit Panoramasicht und privatem Garten - Fid SA Societa\u0300 Immobiliare-Fiduciaria\" \/>\n<meta property=\"og:description\" content=\"Erstwohnsitz\" \/>\n<meta property=\"og:url\" content=\"https:\/\/www.fid-sa.ch\/de\/immobilien\/1793334de-orselina-wohnung-mit-panoramasicht-und-privatem-garten\/\" \/>\n<meta property=\"og:site_name\" content=\"Fid SA Societa\u0300 Immobiliare-Fiduciaria\" \/>\n<meta property=\"article:modified_time\" content=\"2026-09-02T15:46:57+00:00\" \/>\n<meta name=\"twitter:card\" content=\"summary_large_image\" \/>\n<meta name=\"twitter:label1\" content=\"Gesch\u00e4tzte Lesezeit\" \/>\n\t<meta name=\"twitter:data1\" content=\"1\u00a0Minute\" \/>\n<script type=\"application\/ld+json\" class=\"yoast-schema-graph\">{\"@context\":\"https:\\\/\\\/schema.org\",\"@graph\":[{\"@type\":\"WebPage\",\"@id\":\"https:\\\/\\\/www.fid-sa.ch\\\/de\\\/immobilien\\\/1793334de-orselina-wohnung-mit-panoramasicht-und-privatem-garten\\\/\",\"url\":\"https:\\\/\\\/www.fid-sa.ch\\\/de\\\/immobilien\\\/1793334de-orselina-wohnung-mit-panoramasicht-und-privatem-garten\\\/\",\"name\":\"ORSELINA - Wohnung mit Panoramasicht und privatem Garten - Fid SA Societa\u0300 Immobiliare-Fiduciaria\",\"isPartOf\":{\"@id\":\"https:\\\/\\\/www.fid-sa.ch\\\/#website\"},\"primaryImageOfPage\":{\"@id\":\"https:\\\/\\\/www.fid-sa.ch\\\/de\\\/immobilien\\\/1793334de-orselina-wohnung-mit-panoramasicht-und-privatem-garten\\\/#primaryimage\"},\"image\":{\"@id\":\"https:\\\/\\\/www.fid-sa.ch\\\/de\\\/immobilien\\\/1793334de-orselina-wohnung-mit-panoramasicht-und-privatem-garten\\\/#primaryimage\"},\"thumbnailUrl\":\"https:\\\/\\\/cdn.casasoft.com\\\/media\\\/provider-13874\\\/property-1793334\\\/bbcd0074775653c8b9c9a02c21427b4e.jpeg?p=xl\",\"datePublished\":\"2026-09-02T14:56:41+00:00\",\"dateModified\":\"2026-09-02T15:46:57+00:00\",\"breadcrumb\":{\"@id\":\"https:\\\/\\\/www.fid-sa.ch\\\/de\\\/immobilien\\\/1793334de-orselina-wohnung-mit-panoramasicht-und-privatem-garten\\\/#breadcrumb\"},\"inLanguage\":\"de\",\"potentialAction\":[{\"@type\":\"ReadAction\",\"target\":[\"https:\\\/\\\/www.fid-sa.ch\\\/de\\\/immobilien\\\/1793334de-orselina-wohnung-mit-panoramasicht-und-privatem-garten\\\/\"]}]},{\"@type\":\"ImageObject\",\"inLanguage\":\"de\",\"@id\":\"https:\\\/\\\/www.fid-sa.ch\\\/de\\\/immobilien\\\/1793334de-orselina-wohnung-mit-panoramasicht-und-privatem-garten\\\/#primaryimage\",\"url\":\"https:\\\/\\\/cdn.casasoft.com\\\/media\\\/provider-13874\\\/property-1793334\\\/bbcd0074775653c8b9c9a02c21427b4e.jpeg?p=xl\",\"contentUrl\":\"https:\\\/\\\/cdn.casasoft.com\\\/media\\\/provider-13874\\\/property-1793334\\\/bbcd0074775653c8b9c9a02c21427b4e.jpeg?p=xl\"},{\"@type\":\"BreadcrumbList\",\"@id\":\"https:\\\/\\\/www.fid-sa.ch\\\/de\\\/immobilien\\\/1793334de-orselina-wohnung-mit-panoramasicht-und-privatem-garten\\\/#breadcrumb\",\"itemListElement\":[{\"@type\":\"ListItem\",\"position\":1,\"name\":\"Propriet\u00e0\",\"item\":\"https:\\\/\\\/www.fid-sa.ch\\\/immobilien\\\/\"},{\"@type\":\"ListItem\",\"position\":2,\"name\":\"ORSELINA &#8211; Wohnung mit Panoramasicht und privatem Garten\"}]},{\"@type\":\"WebSite\",\"@id\":\"https:\\\/\\\/www.fid-sa.ch\\\/#website\",\"url\":\"https:\\\/\\\/www.fid-sa.ch\\\/\",\"name\":\"Fid SA Societa\u0300 Immobiliare-Fiduciaria\",\"description\":\"\",\"publisher\":{\"@id\":\"https:\\\/\\\/www.fid-sa.ch\\\/#organization\"},\"potentialAction\":[{\"@type\":\"SearchAction\",\"target\":{\"@type\":\"EntryPoint\",\"urlTemplate\":\"https:\\\/\\\/www.fid-sa.ch\\\/?s={search_term_string}\"},\"query-input\":{\"@type\":\"PropertyValueSpecification\",\"valueRequired\":true,\"valueName\":\"search_term_string\"}}],\"inLanguage\":\"de\"},{\"@type\":\"Organization\",\"@id\":\"https:\\\/\\\/www.fid-sa.ch\\\/#organization\",\"name\":\"Fid SA Societa\u0300 Immobiliare-Fiduciaria\",\"url\":\"https:\\\/\\\/www.fid-sa.ch\\\/\",\"logo\":{\"@type\":\"ImageObject\",\"inLanguage\":\"de\",\"@id\":\"https:\\\/\\\/www.fid-sa.ch\\\/#\\\/schema\\\/logo\\\/image\\\/\",\"url\":\"https:\\\/\\\/www.fid-sa.ch\\\/wp-content\\\/uploads\\\/sites\\\/80\\\/2025\\\/03\\\/logo-fid-beige_no-text.webp\",\"contentUrl\":\"https:\\\/\\\/www.fid-sa.ch\\\/wp-content\\\/uploads\\\/sites\\\/80\\\/2025\\\/03\\\/logo-fid-beige_no-text.webp\",\"width\":670,\"height\":509,\"caption\":\"Fid SA Societa\u0300 Immobiliare-Fiduciaria\"},\"image\":{\"@id\":\"https:\\\/\\\/www.fid-sa.ch\\\/#\\\/schema\\\/logo\\\/image\\\/\"}}]}<\/script>\n<!-- \/ Yoast SEO plugin. -->","yoast_head_json":{"title":"ORSELINA - Wohnung mit Panoramasicht und privatem Garten - Fid SA Societa\u0300 Immobiliare-Fiduciaria","robots":{"index":"index","follow":"follow","max-snippet":"max-snippet:-1","max-image-preview":"max-image-preview:large","max-video-preview":"max-video-preview:-1"},"canonical":"https:\/\/www.fid-sa.ch\/de\/immobilien\/1793334de-orselina-wohnung-mit-panoramasicht-und-privatem-garten\/","og_locale":"de_DE","og_type":"article","og_title":"ORSELINA - Wohnung mit Panoramasicht und privatem Garten - Fid SA Societa\u0300 Immobiliare-Fiduciaria","og_description":"Erstwohnsitz","og_url":"https:\/\/www.fid-sa.ch\/de\/immobilien\/1793334de-orselina-wohnung-mit-panoramasicht-und-privatem-garten\/","og_site_name":"Fid SA Societa\u0300 Immobiliare-Fiduciaria","article_modified_time":"2026-09-02T15:46:57+00:00","twitter_card":"summary_large_image","twitter_misc":{"Gesch\u00e4tzte Lesezeit":"1\u00a0Minute"},"schema":{"@context":"https:\/\/schema.org","@graph":[{"@type":"WebPage","@id":"https:\/\/www.fid-sa.ch\/de\/immobilien\/1793334de-orselina-wohnung-mit-panoramasicht-und-privatem-garten\/","url":"https:\/\/www.fid-sa.ch\/de\/immobilien\/1793334de-orselina-wohnung-mit-panoramasicht-und-privatem-garten\/","name":"ORSELINA - Wohnung mit Panoramasicht und privatem Garten - Fid SA Societa\u0300 Immobiliare-Fiduciaria","isPartOf":{"@id":"https:\/\/www.fid-sa.ch\/#website"},"primaryImageOfPage":{"@id":"https:\/\/www.fid-sa.ch\/de\/immobilien\/1793334de-orselina-wohnung-mit-panoramasicht-und-privatem-garten\/#primaryimage"},"image":{"@id":"https:\/\/www.fid-sa.ch\/de\/immobilien\/1793334de-orselina-wohnung-mit-panoramasicht-und-privatem-garten\/#primaryimage"},"thumbnailUrl":"https:\/\/cdn.casasoft.com\/media\/provider-13874\/property-1793334\/bbcd0074775653c8b9c9a02c21427b4e.jpeg?p=xl","datePublished":"2026-09-02T14:56:41+00:00","dateModified":"2026-09-02T15:46:57+00:00","breadcrumb":{"@id":"https:\/\/www.fid-sa.ch\/de\/immobilien\/1793334de-orselina-wohnung-mit-panoramasicht-und-privatem-garten\/#breadcrumb"},"inLanguage":"de","potentialAction":[{"@type":"ReadAction","target":["https:\/\/www.fid-sa.ch\/de\/immobilien\/1793334de-orselina-wohnung-mit-panoramasicht-und-privatem-garten\/"]}]},{"@type":"ImageObject","inLanguage":"de","@id":"https:\/\/www.fid-sa.ch\/de\/immobilien\/1793334de-orselina-wohnung-mit-panoramasicht-und-privatem-garten\/#primaryimage","url":"https:\/\/cdn.casasoft.com\/media\/provider-13874\/property-1793334\/bbcd0074775653c8b9c9a02c21427b4e.jpeg?p=xl","contentUrl":"https:\/\/cdn.casasoft.com\/media\/provider-13874\/property-1793334\/bbcd0074775653c8b9c9a02c21427b4e.jpeg?p=xl"},{"@type":"BreadcrumbList","@id":"https:\/\/www.fid-sa.ch\/de\/immobilien\/1793334de-orselina-wohnung-mit-panoramasicht-und-privatem-garten\/#breadcrumb","itemListElement":[{"@type":"ListItem","position":1,"name":"Propriet\u00e0","item":"https:\/\/www.fid-sa.ch\/immobilien\/"},{"@type":"ListItem","position":2,"name":"ORSELINA &#8211; Wohnung mit Panoramasicht und privatem Garten"}]},{"@type":"WebSite","@id":"https:\/\/www.fid-sa.ch\/#website","url":"https:\/\/www.fid-sa.ch\/","name":"Fid SA Societa\u0300 Immobiliare-Fiduciaria","description":"","publisher":{"@id":"https:\/\/www.fid-sa.ch\/#organization"},"potentialAction":[{"@type":"SearchAction","target":{"@type":"EntryPoint","urlTemplate":"https:\/\/www.fid-sa.ch\/?s={search_term_string}"},"query-input":{"@type":"PropertyValueSpecification","valueRequired":true,"valueName":"search_term_string"}}],"inLanguage":"de"},{"@type":"Organization","@id":"https:\/\/www.fid-sa.ch\/#organization","name":"Fid SA Societa\u0300 Immobiliare-Fiduciaria","url":"https:\/\/www.fid-sa.ch\/","logo":{"@type":"ImageObject","inLanguage":"de","@id":"https:\/\/www.fid-sa.ch\/#\/schema\/logo\/image\/","url":"https:\/\/www.fid-sa.ch\/wp-content\/uploads\/sites\/80\/2025\/03\/logo-fid-beige_no-text.webp","contentUrl":"https:\/\/www.fid-sa.ch\/wp-content\/uploads\/sites\/80\/2025\/03\/logo-fid-beige_no-text.webp","width":670,"height":509,"caption":"Fid SA Societa\u0300 Immobiliare-Fiduciaria"},"image":{"@id":"https:\/\/www.fid-sa.ch\/#\/schema\/logo\/image\/"}}]}},"_links":{"self":[{"href":"https:\/\/www.fid-sa.ch\/de\/wp-json\/wp\/v2\/casawp_property\/19920","targetHints":{"allow":["GET"]}}],"collection":[{"href":"https:\/\/www.fid-sa.ch\/de\/wp-json\/wp\/v2\/casawp_property"}],"about":[{"href":"https:\/\/www.fid-sa.ch\/de\/wp-json\/wp\/v2\/types\/casawp_property"}],"replies":[{"embeddable":true,"href":"https:\/\/www.fid-sa.ch\/de\/wp-json\/wp\/v2\/comments?post=19920"}],"version-history":[{"count":2,"href":"https:\/\/www.fid-sa.ch\/de\/wp-json\/wp\/v2\/casawp_property\/19920\/revisions"}],"predecessor-version":[{"id":19922,"href":"https:\/\/www.fid-sa.ch\/de\/wp-json\/wp\/v2\/casawp_property\/19920\/revisions\/19922"}],"wp:featuredmedia":[{"embeddable":true,"href":"https:\/\/www.fid-sa.ch\/de\/wp-json\/wp\/v2\/media\/19923"}],"wp:attachment":[{"href":"https:\/\/www.fid-sa.ch\/de\/wp-json\/wp\/v2\/media?parent=19920"}],"wp:term":[{"taxonomy":"casawp_category","embeddable":true,"href":"https:\/\/www.fid-sa.ch\/de\/wp-json\/wp\/v2\/casawp_category?post=19920"},{"taxonomy":"casawp_feature","embeddable":true,"href":"https:\/\/www.fid-sa.ch\/de\/wp-json\/wp\/v2\/casawp_feature?post=19920"},{"taxonomy":"casawp_utility","embeddable":true,"href":"https:\/\/www.fid-sa.ch\/de\/wp-json\/wp\/v2\/casawp_utility?post=19920"},{"taxonomy":"casawp_location","embeddable":true,"href":"https:\/\/www.fid-sa.ch\/de\/wp-json\/wp\/v2\/casawp_location?post=19920"},{"taxonomy":"casawp_salestype","embeddable":true,"href":"https:\/\/www.fid-sa.ch\/de\/wp-json\/wp\/v2\/casawp_salestype?post=19920"},{"taxonomy":"casawp_availability","embeddable":true,"href":"https:\/\/www.fid-sa.ch\/de\/wp-json\/wp\/v2\/casawp_availability?post=19920"},{"taxonomy":"casawp_region","embeddable":true,"href":"https:\/\/www.fid-sa.ch\/de\/wp-json\/wp\/v2\/casawp_region?post=19920"}],"curies":[{"name":"wp","href":"https:\/\/api.w.org\/{rel}","templated":true}]}}